{"id":557,"date":"2016-11-03T14:47:42","date_gmt":"2016-11-03T13:47:42","guid":{"rendered":"http:\/\/www.lacasadellequerce.it\/it\/?page_id=557"},"modified":"2026-01-05T10:03:06","modified_gmt":"2026-01-05T09:03:06","slug":"prezzi","status":"publish","type":"page","link":"https:\/\/www.lacasadellequerce.it\/pl\/cennik-uslugi.html","title":{"rendered":"Cennik Uslugi"},"content":{"rendered":"<p>[vc_row][vc_column][vc_raw_html]JTNDZGl2JTIwY2xhc3MlM0QlMjJzZWMtdGl0bGUlMjIlM0UlMEElMjAlMjAlMjAlMjAlMjAlMjAlMjAlMjAlMjAlMjAlMjAlMjAlMjAlMjAlMjAlMjAlM0NoMiUzRUNlbm5payUyMCUzQ3NwYW4lMjBjbGFzcyUzRCUyMnRoZW1lX2NvbG9yJTIyJTNFVXNsdWdpJTNDJTJGc3BhbiUzRSUzQyUyRmgyJTNFJTBBJTIwJTIwJTIwJTIwJTIwJTIwJTIwJTIwJTIwJTIwJTIwJTIwJTIwJTIwJTIwJTIwJTNDZGl2JTIwY2xhc3MlM0QlMjJzZXBhcmF0b3IlMjBzbWFsbC1zZXBhcmF0b3IlMjIlM0UlM0MlMkZkaXYlM0UlMEElMjAlMjAlMjAlMjAlMjAlMjAlMjAlMjAlMjAlMjAlMjAlMjAlM0MlMkZkaXYlM0U=[\/vc_raw_html][\/vc_column][\/vc_row][vc_row][vc_column][vc_column_text]<\/p>\n<div id=\"testo\">\n<h4>Cennik na sezon 2026 z apartament ( z podatkiem VAT)<\/h4>\n<h5>Ceny tygodniowe<\/h5>\n<div class=\"prezzi\">\n<div class=\"riga\">\n<div class=\"colonna0\"><b>Apartament<\/b><\/div>\n<div class=\"colonna\">\n<p>Poza sezonem<br \/>\n12\/01 \u2013 30\/04<br \/>\n01\/10 \u2013 03\/12<\/p>\n<\/div>\n<div class=\"colonna\">\n<p>\u015arodek sezonu<br \/>\n01\/05 \u2013 30\/06<br \/>\n01\/09 \u2013 30\/09<\/p>\n<\/div>\n<div class=\"colonna\">\n<p>W sezonie<br \/>\n01\/07 \u2013 31\/08<\/p>\n<\/div>\n<\/div>\n<div class=\"riga\">\n<h6>Jednopokojowy<\/h6>\n<ul>\n<li>\u20ac 630<\/li>\n<li>\u20ac 700<\/li>\n<li>\u20ac 805<\/li>\n<\/ul>\n<\/div>\n<div class=\"riga\">\n<h6>Dwupokojowy<\/h6>\n<ul>\n<li>\u20ac 770<\/li>\n<li>\u20ac 910<\/li>\n<li>\u20ac 1.050<\/li>\n<\/ul>\n<\/div>\n<div class=\"riga\">\n<h6>Trzypokojowy (45 mk)<\/h6>\n<ul>\n<li>\u20ac 840<\/li>\n<li>\u20ac 980<\/li>\n<li>\u20ac 1.120<\/li>\n<\/ul>\n<\/div>\n<div class=\"riga\">\n<h6>Trzypokojowy (60 mk)<\/h6>\n<ul>\n<li>\u20ac 980<\/li>\n<li>\u20ac 1.120<\/li>\n<li>\u20ac 1.260<\/li>\n<\/ul>\n<\/div>\n<div class=\"riga\">\n<h6>Policiano Suite<\/h6>\n<ul>\n<li>\u20ac 1.330<\/li>\n<li>\u20ac 1.540<\/li>\n<li>\u20ac 1.750<\/li>\n<\/ul>\n<\/div>\n<\/div>\n<h5 class=\"next\">Ceny za dzien<\/h5>\n<div class=\"prezzi\">\n<div class=\"riga\">\n<h6>Jednopokojowy<\/h6>\n<ul>\n<li>\u20ac 90<\/li>\n<li>\u20ac 100<\/li>\n<li>\u20ac 115<\/li>\n<\/ul>\n<\/div>\n<div class=\"riga\">\n<h6>Dwupokojowy<\/h6>\n<ul>\n<li>\u20ac 110<\/li>\n<li>\u20ac 130<\/li>\n<li>\u20ac 150<\/li>\n<\/ul>\n<\/div>\n<div class=\"riga\">\n<h6>Trzypokojowy (45 mk)<\/h6>\n<ul>\n<li>\u20ac 120<\/li>\n<li>\u20ac 140<\/li>\n<li>\u20ac 160<\/li>\n<\/ul>\n<\/div>\n<div class=\"riga\">\n<h6>Trzypokojowy (60 mk)<\/h6>\n<ul>\n<li>\u20ac 140<\/li>\n<li>\u20ac 160<\/li>\n<li>\u20ac 180<\/li>\n<\/ul>\n<\/div>\n<div class=\"riga\">\n<h6>Policiano Suite<\/h6>\n<ul>\n<li>\u20ac 190<\/li>\n<li>\u20ac 220<\/li>\n<li>\u20ac 250<\/li>\n<\/ul>\n<\/div>\n<\/div>\n<div class=\"prezzi-2011\">\n<div class=\"riga3\">\n<div class=\"colonna-0\"><b>Promocje ***<\/b><\/div>\n<div class=\"colonna-1\">\n<p>POZA SEZONEM<\/p>\n<\/div>\n<div class=\"colonna-2\">\n<p>&#8211; <b>Zni\u017cka 12%<\/b> rezerwacje, minimum 7 nocy<\/p>\n<\/div>\n<\/div>\n<div class=\"riga3\">\n<div class=\"colonna-0\"><\/div>\n<div class=\"colonna-1\">\n<p>\u015aRODEK SEZONU<\/p>\n<\/div>\n<div class=\"colonna-2\">\n<p>&#8211; <b>Zni\u017cka 12%<\/b> rezerwacje, minimum 7 nocy<\/p>\n<\/div>\n<\/div>\n<div class=\"riga3\">\n<div class=\"colonna-0\"><\/div>\n<div class=\"colonna-1\">\n<p>W SEZONIE<\/p>\n<\/div>\n<div class=\"colonna-2\">\n<p>&#8211; <b>Zni\u017cka 12%<\/b> na minimum 7 nocy potwierdzona przed 31 maja 2026<\/p>\n<\/div>\n<\/div>\n<p class=\"promo2\">*** <b><i>\u0141\u0105czna p\u0142atno\u015b\u0107 z bezzwrotnej rezerwacji<\/i><\/b><\/p>\n<\/div>\n<h4 class=\"next\">Cennik pakiet\u00f3w okolicznosciowych podczas sezonu 2026 (Ceny za dzien)<\/h4>\n<div class=\"prezzi-bank\">\n<div class=\"riga\">\n<div class=\"colonna-4\"><b>Apartament<\/b><\/div>\n<div class=\"colonna-3\">\n<p><b>Swieto Trzech Kr\u00f3li<\/b><br \/>\n03\/01 \u2013 11\/01<\/p>\n<\/div>\n<div class=\"colonna-3\">\n<p><b>Wielkanoc<\/b><br \/>\n03\/04 \u2013 06\/04<\/p>\n<\/div>\n<div class=\"colonna-3\">\n<p><b>25 kwietnia<\/b><br \/>\n24\/04 \u2013 26\/04<\/p>\n<\/div>\n<div class=\"colonna-3\">\n<p><b>Grudzie\u0144<\/b><br \/>\n30\/10 \u2013 01\/11<\/p>\n<\/div>\n<div class=\"colonna-3\">\n<p><b>Grudzie\u0144<\/b><br \/>\n04\/11 \u2013 28\/12<\/p>\n<\/div>\n<div class=\"colonna-3\">\n<p><b>Sylwester<\/b><br \/>\n29\/12 \u2013 02\/01<\/p>\n<\/div>\n<\/div>\n<div class=\"riga4\">\n<h6>Jednopokojowy<\/h6>\n<ul>\n<li>\u20ac 95<\/li>\n<li>\u20ac 115<\/li>\n<li>\u20ac 100<\/li>\n<li>\u20ac 100<\/li>\n<li>\u20ac 100<\/li>\n<li>\u20ac 115<\/li>\n<\/ul>\n<\/div>\n<div class=\"riga4\">\n<h6>Dwupokojowy<\/h6>\n<ul>\n<li>\u20ac 120<\/li>\n<li>\u20ac 150<\/li>\n<li>\u20ac 130<\/li>\n<li>\u20ac 130<\/li>\n<li>\u20ac 130<\/li>\n<li>\u20ac 150<\/li>\n<\/ul>\n<\/div>\n<div class=\"riga4\">\n<h6>Trzypokojowy (45 mk)<\/h6>\n<ul>\n<li>\u20ac 130<\/li>\n<li>\u20ac 160<\/li>\n<li>\u20ac 140<\/li>\n<li>\u20ac 140<\/li>\n<li>\u20ac 140<\/li>\n<li>\u20ac 160<\/li>\n<\/ul>\n<\/div>\n<div class=\"riga4\">\n<h6>Trzypokojowy (60 mk)<\/h6>\n<ul>\n<li>\u20ac 160<\/li>\n<li>\u20ac 180<\/li>\n<li>\u20ac 160<\/li>\n<li>\u20ac 160<\/li>\n<li>\u20ac 160<\/li>\n<li>\u20ac 180<\/li>\n<\/ul>\n<\/div>\n<div class=\"riga4\">\n<h6>Policiano Suite<\/h6>\n<ul>\n<li>\u20ac 220<\/li>\n<li>\u20ac 250<\/li>\n<li>\u20ac 220<\/li>\n<li>\u20ac 220<\/li>\n<li>\u20ac 220<\/li>\n<li>\u20ac 250<\/li>\n<\/ul>\n<\/div>\n<div class=\"riga4\">\n<h6>Minimalna ilosc dni<\/h6>\n<ul>\n<li>3<\/li>\n<li>3<\/li>\n<li>2<\/li>\n<li>2<\/li>\n<li>2\/3<\/li>\n<li>3<\/li>\n<\/ul>\n<\/div>\n<\/div>\n<h4 class=\"next\">Uslugi wliczone w cene pobytu<\/h4>\n<div>\n<div class=\"col-sx\">\n<ul>\n<li>Opieka wlasciciela mieszkajacego na terenie rezydencji<\/li>\n<li>Obsluga w jezyku angielskim i hiszpanskim<\/li>\n<li>Karty kredytowe<\/li>\n<li>Lacze Wi Fi<\/li>\n<li>Posciel w apartamentach, zmiana raz na tydzien<\/li>\n<li>Gor\u0105ca i zimna woda, pr\u0105d i gaz<\/li>\n<li>TV satelitarna<\/li>\n<li>Klimatyzacja (Dwupokojowy, Trzypokojowy 45 mk, Trzypokojowy 60 mk, Policiano Suite)<\/li>\n<li>Ogrzewanie<\/li>\n<li>Zmywarka<\/li>\n<\/ul>\n<\/div>\n<div class=\"col-dx\">\n<ul>\n<li>Basen (m 16&#215;8) 1 Maj &#8211; 30 Wrze\u015bnia<\/li>\n<li>Wyposazenie ogrodu:lezaki, lozka, barbecue, piec<\/li>\n<li>Pralnia do prania recznego<\/li>\n<li>Korzystanie z \u017celazka i deski do prasowania<\/li>\n<li>Zewn\u0119trzny prywatny parking<\/li>\n<li>Koncowe sprzatanie apartamentu<\/li>\n<\/ul>\n<\/div>\n<\/div>\n<h4 class=\"next\">Uslugi dodatkowe na terenie willi<\/h4>\n<div>\n<div class=\"col-sx\">\n<ul>\n<li>Tourist Tax \u20ac 2 each person per night (except children until 12 years old)<\/li>\n<li>\u0141adowanie samochodu elektrycznego 0,60 kW\/godzin\u0119<\/li>\n<li>Trzypokojowy (60 mk) 5 os. 15 \u20ac za noc<\/li>\n<li>Policiano Suite 5 i 6 os\u00f3b 15 \u20ac za noc<\/li>\n<li>Telefon<\/li>\n<\/ul>\n<\/div>\n<div class=\"col-dx\">\n<ul>\n<li>Pralka \u20ac 4 za jednorazowe pranie<\/li>\n<li>Male zwierzeta dozwolone, 20 \u20ac za pobyt<\/li>\n<li>Serwis piekarniczy: od kwietnia do Pa\u017adziernik codziennie rano (opr\u00f3cz niedzieli) chleb, pizza i croissant<\/li>\n<\/ul>\n<\/div>\n<\/div>\n<h4 class=\"next\">Informacje dodatkowe<\/h4>\n<div>\n<div class=\"col-sx\">\n<ul>\n<li>Pobieramy zwrotny depozyt w wysokosci \u20ac 150, do oddania przy wyjezdzie lub numer karty kredytowej<\/li>\n<\/ul>\n<\/div>\n<div class=\"col-dx\">\n<ul>\n<li>Check in od 16.00 do 20.00. Prosimy o kontakt w sprawie p\u00f3zniejszego przyjazdu<\/li>\n<li>Check out 10.00<\/li>\n<\/ul>\n<\/div>\n<\/div>\n<h4 class=\"next\">Zasady rezerwacji \/ anulowania<\/h4>\n<div>\n<div class=\"col-sx\">\n<h4 style=\"margin-top: 15px;\">Standardowa stopa<\/h4>\n<div style=\"clear: both;\"><\/div>\n<ul>\n<li>Zaliczka w wysoko\u015bci 30% przy rezerwacji podlega zwrotowi w przypadku rezygnacji do 20 dni przed przyjazdem<\/li>\n<li>Saldo przy wymeldowaniu<\/li>\n<\/ul>\n<\/div>\n<div class=\"col-dx\">\n<h4 style=\"margin-top: 15px;\">Nie ma mo\u017cliwo\u015bci zwrotu<\/h4>\n<div style=\"clear: both;\"><\/div>\n<ul>\n<li>Ca\u0142kowita p\u0142atno\u015b\u0107 przy rezerwacji nie podlega zwrotowi<\/li>\n<\/ul>\n<\/div>\n<\/div>\n<\/div>\n<p>[\/vc_column_text][\/vc_column][\/vc_row]<\/p>","protected":false},"excerpt":{"rendered":"<p>[vc_row][vc_column][vc_raw_html]JTNDZGl2JTIwY2xhc3MlM0QlMjJzZWMtdGl0bGUlMjIlM0UlMEElMjAlMjAlMjAlMjAlMjAlMjAlMjAlMjAlMjAlMjAlMjAlMjAlMjAlMjAlMjAlMjAlM0NoMiUzRUNlbm5payUyMCUzQ3NwYW4lMjBjbGFzcyUzRCUyMnRoZW1lX2NvbG9yJTIyJTNFVXNsdWdpJTNDJTJGc3BhbiUzRSUzQyUyRmgyJTNFJTBBJTIwJTIwJTIwJTIwJTIwJTIwJTIwJTIwJTIwJTIwJTIwJTIwJTIwJTIwJTIwJTIwJTNDZGl2JTIwY2xhc3MlM0QlMjJzZXBhcmF0b3IlMjBzbWFsbC1zZXBhcmF0b3IlMjIlM0UlM0MlMkZkaXYlM0UlMEElMjAlMjAlMjAlMjAlMjAlMjAlMjAlMjAlMjAlMjAlMjAlMjAlM0MlMkZkaXYlM0U=[\/vc_raw_html][\/vc_column][\/vc_row][vc_row][vc_column][vc_column_text] Cennik na sezon 2026 z apartament ( z podatkiem VAT) Ceny tygodniowe Apartament Poza sezonem 12\/01 \u2013 30\/04 01\/10 \u2013 03\/12 \u015arodek sezonu 01\/05 \u2013 30\/06 01\/09 \u2013 30\/09 W sezonie 01\/07 \u2013 31\/08 Jednopokojowy \u20ac 630 \u20ac 700 \u20ac 805 Dwupokojowy \u20ac 770 \u20ac 910 \u20ac 1.050 Trzypokojowy (45 mk) \u20ac 840 \u20ac<\/p>\n","protected":false},"author":1,"featured_media":0,"parent":0,"menu_order":0,"comment_status":"open","ping_status":"closed","template":"","meta":[],"_links":{"self":[{"href":"https:\/\/www.lacasadellequerce.it\/pl\/wp-json\/wp\/v2\/pages\/557"}],"collection":[{"href":"https:\/\/www.lacasadellequerce.it\/pl\/wp-json\/wp\/v2\/pages"}],"about":[{"href":"https:\/\/www.lacasadellequerce.it\/pl\/wp-json\/wp\/v2\/types\/page"}],"author":[{"embeddable":true,"href":"https:\/\/www.lacasadellequerce.it\/pl\/wp-json\/wp\/v2\/users\/1"}],"replies":[{"embeddable":true,"href":"https:\/\/www.lacasadellequerce.it\/pl\/wp-json\/wp\/v2\/comments?post=557"}],"version-history":[{"count":153,"href":"https:\/\/www.lacasadellequerce.it\/pl\/wp-json\/wp\/v2\/pages\/557\/revisions"}],"predecessor-version":[{"id":1219,"href":"https:\/\/www.lacasadellequerce.it\/pl\/wp-json\/wp\/v2\/pages\/557\/revisions\/1219"}],"wp:attachment":[{"href":"https:\/\/www.lacasadellequerce.it\/pl\/wp-json\/wp\/v2\/media?parent=557"}],"curies":[{"name":"wp","href":"https:\/\/api.w.org\/{rel}","templated":true}]}}